{"id":184,"date":"2023-03-11T22:18:31","date_gmt":"2023-03-12T01:18:31","guid":{"rendered":"https:\/\/formato2.com.br\/?page_id=184"},"modified":"2023-03-11T22:23:50","modified_gmt":"2023-03-12T01:23:50","slug":"nosso-brasil-educativo","status":"publish","type":"page","link":"https:\/\/formato2.com.br\/index.php\/nosso-brasil-educativo\/","title":{"rendered":"NOSSO BRASIL EDUCATIVO"},"content":{"rendered":"\t\t<div data-elementor-type=\"wp-page\" data-elementor-id=\"184\" class=\"elementor elementor-184\">\n\t\t\t\t\t\t\t\t\t<section class=\"elementor-section elementor-top-section elementor-element elementor-element-363df4e elementor-section-boxed elementor-section-height-default elementor-section-height-default\" data-id=\"363df4e\" data-element_type=\"section\">\n\t\t\t\t\t\t<div class=\"elementor-container elementor-column-gap-default\">\n\t\t\t\t\t<div class=\"elementor-column elementor-col-100 elementor-top-column elementor-element elementor-element-992404f\" data-id=\"992404f\" data-element_type=\"column\">\n\t\t\t<div class=\"elementor-widget-wrap elementor-element-populated\">\n\t\t\t\t\t\t\t\t<div class=\"elementor-element elementor-element-2ddae48 elementor-widget elementor-widget-text-editor\" data-id=\"2ddae48\" data-element_type=\"widget\" data-widget_type=\"text-editor.default\">\n\t\t\t\t<div class=\"elementor-widget-container\">\n\t\t\t<style>\/*! elementor - v3.11.3 - 07-03-2023 *\/\n.elementor-widget-text-editor.elementor-drop-cap-view-stacked .elementor-drop-cap{background-color:#818a91;color:#fff}.elementor-widget-text-editor.elementor-drop-cap-view-framed .elementor-drop-cap{color:#818a91;border:3px solid;background-color:transparent}.elementor-widget-text-editor:not(.elementor-drop-cap-view-default) .elementor-drop-cap{margin-top:8px}.elementor-widget-text-editor:not(.elementor-drop-cap-view-default) .elementor-drop-cap-letter{width:1em;height:1em}.elementor-widget-text-editor .elementor-drop-cap{float:left;text-align:center;line-height:1;font-size:50px}.elementor-widget-text-editor .elementor-drop-cap-letter{display:inline-block}<\/style>\t\t\t\t<h4>NOSSO BRASIL EDUCATIVO<\/h4><p>\u00a0<\/p><p>Apresentar o Brasil para o mosaico de brasileiros que reside nas cinco regi\u00f5es do pa\u00eds \u00e9 uma tarefa complexa, mas totalmente poss\u00edvel. A Formato 2 Editora possui uma equipe multidisciplinar que trabalha h\u00e1 mais de uma d\u00e9cada unida em prol deste ideal: o resgate do patriotismo atrav\u00e9s da valoriza\u00e7\u00e3o do local onde vivemos.<\/p><p>Sabemos que o Nosso Brasil \u00e9 composto por pessoas de diferentes cores, costumes e diferentes culturas. Mas tamb\u00e9m temos conhecimento que, quando pensamos de forma \u00fanica e ao mesmo tempo ampliada, podemos mostrar cada canto deste enorme pa\u00eds, que possui uma superf\u00edcie de 8.510.295,914 km\u00b2, divididos em 5.568 munic\u00edpios.<\/p><p><span style=\"font-size: inherit; text-align: inherit; color: var( --e-global-color-text ); font-family: var( --e-global-typography-text-font-family ), Sans-serif; font-weight: var( --e-global-typography-text-font-weight ); letter-spacing: -0.015em;\">Afinal, ao trabalharmos com as caracter\u00edsticas de cada cidade brasileira chegamos ao denominador comum chamado Brasil. Um resultado \u00fanico, formado por uma cartela de conhecimento e diversidade.<\/span><\/p>\t\t\t\t\t\t<\/div>\n\t\t\t\t<\/div>\n\t\t\t\t\t<\/div>\n\t\t<\/div>\n\t\t\t\t\t\t\t<\/div>\n\t\t<\/section>\n\t\t\t\t<section class=\"elementor-section elementor-top-section elementor-element elementor-element-9bf3cc5 elementor-section-boxed elementor-section-height-default elementor-section-height-default\" data-id=\"9bf3cc5\" data-element_type=\"section\">\n\t\t\t\t\t\t<div class=\"elementor-container elementor-column-gap-default\">\n\t\t\t\t\t<div class=\"elementor-column elementor-col-33 elementor-top-column elementor-element elementor-element-0d871a3\" data-id=\"0d871a3\" data-element_type=\"column\">\n\t\t\t<div class=\"elementor-widget-wrap elementor-element-populated\">\n\t\t\t\t\t\t\t\t<div class=\"elementor-element elementor-element-1bcaf1f elementor-widget elementor-widget-image\" data-id=\"1bcaf1f\" data-element_type=\"widget\" data-widget_type=\"image.default\">\n\t\t\t\t<div class=\"elementor-widget-container\">\n\t\t\t<style>\/*! elementor - v3.11.3 - 07-03-2023 *\/\n.elementor-widget-image{text-align:center}.elementor-widget-image a{display:inline-block}.elementor-widget-image a img[src$=\".svg\"]{width:48px}.elementor-widget-image img{vertical-align:middle;display:inline-block}<\/style>\t\t\t\t\t\t\t\t\t\t\t\t<img decoding=\"async\" loading=\"lazy\" width=\"400\" height=\"400\" src=\"https:\/\/formato2.com.br\/wp-content\/uploads\/2023\/03\/img003.png\" class=\"attachment-large size-large wp-image-121\" alt=\"\" srcset=\"https:\/\/formato2.com.br\/wp-content\/uploads\/2023\/03\/img003.png 400w, https:\/\/formato2.com.br\/wp-content\/uploads\/2023\/03\/img003-300x300.png 300w, https:\/\/formato2.com.br\/wp-content\/uploads\/2023\/03\/img003-150x150.png 150w\" sizes=\"(max-width: 400px) 100vw, 400px\" \/>\t\t\t\t\t\t\t\t\t\t\t\t\t\t\t<\/div>\n\t\t\t\t<\/div>\n\t\t\t\t\t<\/div>\n\t\t<\/div>\n\t\t\t\t<div class=\"elementor-column elementor-col-66 elementor-top-column elementor-element elementor-element-4599f4f\" data-id=\"4599f4f\" data-element_type=\"column\">\n\t\t\t<div class=\"elementor-widget-wrap elementor-element-populated\">\n\t\t\t\t\t\t\t\t<div class=\"elementor-element elementor-element-48ccf90 elementor-widget elementor-widget-image\" data-id=\"48ccf90\" data-element_type=\"widget\" data-widget_type=\"image.default\">\n\t\t\t\t<div class=\"elementor-widget-container\">\n\t\t\t\t\t\t\t\t\t\t\t\t\t\t\t<img decoding=\"async\" loading=\"lazy\" width=\"580\" height=\"313\" src=\"https:\/\/formato2.com.br\/wp-content\/uploads\/2023\/03\/img002-1-1024x552.png\" class=\"attachment-large size-large wp-image-189\" alt=\"\" srcset=\"https:\/\/formato2.com.br\/wp-content\/uploads\/2023\/03\/img002-1-1024x552.png 1024w, https:\/\/formato2.com.br\/wp-content\/uploads\/2023\/03\/img002-1-300x162.png 300w, https:\/\/formato2.com.br\/wp-content\/uploads\/2023\/03\/img002-1-768x414.png 768w, https:\/\/formato2.com.br\/wp-content\/uploads\/2023\/03\/img002-1.png 1170w\" sizes=\"(max-width: 580px) 100vw, 580px\" \/>\t\t\t\t\t\t\t\t\t\t\t\t\t\t\t<\/div>\n\t\t\t\t<\/div>\n\t\t\t\t\t<\/div>\n\t\t<\/div>\n\t\t\t\t\t\t\t<\/div>\n\t\t<\/section>\n\t\t\t\t\t\t\t<\/div>\n\t\t","protected":false},"excerpt":{"rendered":"<p>NOSSO BRASIL EDUCATIVO \u00a0 Apresentar o Brasil para o mosaico de brasileiros que reside nas cinco regi\u00f5es do pa\u00eds \u00e9 uma tarefa complexa, mas totalmente poss\u00edvel. A Formato 2 Editora possui uma equipe multidisciplinar que trabalha h\u00e1 mais de uma d\u00e9cada unida em prol deste ideal: o resgate do patriotismo atrav\u00e9s da valoriza\u00e7\u00e3o do local [&hellip;]<\/p>\n","protected":false},"author":2,"featured_media":0,"parent":0,"menu_order":0,"comment_status":"closed","ping_status":"closed","template":"elementor_header_footer","meta":{"footnotes":""},"yoast_head":"<!-- This site is optimized with the Yoast SEO plugin v20.2.1 - https:\/\/yoast.com\/wordpress\/plugins\/seo\/ -->\n<title>NOSSO BRASIL EDUCATIVO - Formato 2<\/title>\n<meta name=\"robots\" content=\"index, follow, max-snippet:-1, max-image-preview:large, max-video-preview:-1\" \/>\n<link rel=\"canonical\" href=\"https:\/\/formato2.com.br\/index.php\/nosso-brasil-educativo\/\" \/>\n<meta property=\"og:locale\" content=\"en_US\" \/>\n<meta property=\"og:type\" content=\"article\" \/>\n<meta property=\"og:title\" content=\"NOSSO BRASIL EDUCATIVO - Formato 2\" \/>\n<meta property=\"og:description\" content=\"NOSSO BRASIL EDUCATIVO \u00a0 Apresentar o Brasil para o mosaico de brasileiros que reside nas cinco regi\u00f5es do pa\u00eds \u00e9 uma tarefa complexa, mas totalmente poss\u00edvel. A Formato 2 Editora possui uma equipe multidisciplinar que trabalha h\u00e1 mais de uma d\u00e9cada unida em prol deste ideal: o resgate do patriotismo atrav\u00e9s da valoriza\u00e7\u00e3o do local [&hellip;]\" \/>\n<meta property=\"og:url\" content=\"https:\/\/formato2.com.br\/index.php\/nosso-brasil-educativo\/\" \/>\n<meta property=\"og:site_name\" content=\"Formato 2\" \/>\n<meta property=\"article:modified_time\" content=\"2023-03-12T01:23:50+00:00\" \/>\n<meta property=\"og:image\" content=\"https:\/\/formato2.com.br\/wp-content\/uploads\/2023\/03\/img003.png\" \/>\n<meta name=\"twitter:card\" content=\"summary_large_image\" \/>\n<meta name=\"twitter:label1\" content=\"Est. reading time\" \/>\n\t<meta name=\"twitter:data1\" content=\"2 minutes\" \/>\n<script type=\"application\/ld+json\" class=\"yoast-schema-graph\">{\"@context\":\"https:\/\/schema.org\",\"@graph\":[{\"@type\":\"WebPage\",\"@id\":\"https:\/\/formato2.com.br\/index.php\/nosso-brasil-educativo\/\",\"url\":\"https:\/\/formato2.com.br\/index.php\/nosso-brasil-educativo\/\",\"name\":\"NOSSO BRASIL EDUCATIVO - Formato 2\",\"isPartOf\":{\"@id\":\"https:\/\/formato2.com.br\/#website\"},\"datePublished\":\"2023-03-12T01:18:31+00:00\",\"dateModified\":\"2023-03-12T01:23:50+00:00\",\"breadcrumb\":{\"@id\":\"https:\/\/formato2.com.br\/index.php\/nosso-brasil-educativo\/#breadcrumb\"},\"inLanguage\":\"en-US\",\"potentialAction\":[{\"@type\":\"ReadAction\",\"target\":[\"https:\/\/formato2.com.br\/index.php\/nosso-brasil-educativo\/\"]}]},{\"@type\":\"BreadcrumbList\",\"@id\":\"https:\/\/formato2.com.br\/index.php\/nosso-brasil-educativo\/#breadcrumb\",\"itemListElement\":[{\"@type\":\"ListItem\",\"position\":1,\"name\":\"In\u00edcio\",\"item\":\"https:\/\/formato2.com.br\/\"},{\"@type\":\"ListItem\",\"position\":2,\"name\":\"NOSSO BRASIL EDUCATIVO\"}]},{\"@type\":\"WebSite\",\"@id\":\"https:\/\/formato2.com.br\/#website\",\"url\":\"https:\/\/formato2.com.br\/\",\"name\":\"Formato 2\",\"description\":\"\",\"publisher\":{\"@id\":\"https:\/\/formato2.com.br\/#organization\"},\"potentialAction\":[{\"@type\":\"SearchAction\",\"target\":{\"@type\":\"EntryPoint\",\"urlTemplate\":\"https:\/\/formato2.com.br\/?s={search_term_string}\"},\"query-input\":\"required name=search_term_string\"}],\"inLanguage\":\"en-US\"},{\"@type\":\"Organization\",\"@id\":\"https:\/\/formato2.com.br\/#organization\",\"name\":\"Formato 2\",\"url\":\"https:\/\/formato2.com.br\/\",\"logo\":{\"@type\":\"ImageObject\",\"inLanguage\":\"en-US\",\"@id\":\"https:\/\/formato2.com.br\/#\/schema\/logo\/image\/\",\"url\":\"https:\/\/formato2.com.br\/wp-content\/uploads\/2023\/03\/Formato2-marca.png\",\"contentUrl\":\"https:\/\/formato2.com.br\/wp-content\/uploads\/2023\/03\/Formato2-marca.png\",\"width\":361,\"height\":176,\"caption\":\"Formato 2\"},\"image\":{\"@id\":\"https:\/\/formato2.com.br\/#\/schema\/logo\/image\/\"}}]}<\/script>\n<!-- \/ Yoast SEO plugin. -->","yoast_head_json":{"title":"NOSSO BRASIL EDUCATIVO - Formato 2","robots":{"index":"index","follow":"follow","max-snippet":"max-snippet:-1","max-image-preview":"max-image-preview:large","max-video-preview":"max-video-preview:-1"},"canonical":"https:\/\/formato2.com.br\/index.php\/nosso-brasil-educativo\/","og_locale":"en_US","og_type":"article","og_title":"NOSSO BRASIL EDUCATIVO - Formato 2","og_description":"NOSSO BRASIL EDUCATIVO \u00a0 Apresentar o Brasil para o mosaico de brasileiros que reside nas cinco regi\u00f5es do pa\u00eds \u00e9 uma tarefa complexa, mas totalmente poss\u00edvel. A Formato 2 Editora possui uma equipe multidisciplinar que trabalha h\u00e1 mais de uma d\u00e9cada unida em prol deste ideal: o resgate do patriotismo atrav\u00e9s da valoriza\u00e7\u00e3o do local [&hellip;]","og_url":"https:\/\/formato2.com.br\/index.php\/nosso-brasil-educativo\/","og_site_name":"Formato 2","article_modified_time":"2023-03-12T01:23:50+00:00","og_image":[{"url":"https:\/\/formato2.com.br\/wp-content\/uploads\/2023\/03\/img003.png"}],"twitter_card":"summary_large_image","twitter_misc":{"Est. reading time":"2 minutes"},"schema":{"@context":"https:\/\/schema.org","@graph":[{"@type":"WebPage","@id":"https:\/\/formato2.com.br\/index.php\/nosso-brasil-educativo\/","url":"https:\/\/formato2.com.br\/index.php\/nosso-brasil-educativo\/","name":"NOSSO BRASIL EDUCATIVO - Formato 2","isPartOf":{"@id":"https:\/\/formato2.com.br\/#website"},"datePublished":"2023-03-12T01:18:31+00:00","dateModified":"2023-03-12T01:23:50+00:00","breadcrumb":{"@id":"https:\/\/formato2.com.br\/index.php\/nosso-brasil-educativo\/#breadcrumb"},"inLanguage":"en-US","potentialAction":[{"@type":"ReadAction","target":["https:\/\/formato2.com.br\/index.php\/nosso-brasil-educativo\/"]}]},{"@type":"BreadcrumbList","@id":"https:\/\/formato2.com.br\/index.php\/nosso-brasil-educativo\/#breadcrumb","itemListElement":[{"@type":"ListItem","position":1,"name":"In\u00edcio","item":"https:\/\/formato2.com.br\/"},{"@type":"ListItem","position":2,"name":"NOSSO BRASIL EDUCATIVO"}]},{"@type":"WebSite","@id":"https:\/\/formato2.com.br\/#website","url":"https:\/\/formato2.com.br\/","name":"Formato 2","description":"","publisher":{"@id":"https:\/\/formato2.com.br\/#organization"},"potentialAction":[{"@type":"SearchAction","target":{"@type":"EntryPoint","urlTemplate":"https:\/\/formato2.com.br\/?s={search_term_string}"},"query-input":"required name=search_term_string"}],"inLanguage":"en-US"},{"@type":"Organization","@id":"https:\/\/formato2.com.br\/#organization","name":"Formato 2","url":"https:\/\/formato2.com.br\/","logo":{"@type":"ImageObject","inLanguage":"en-US","@id":"https:\/\/formato2.com.br\/#\/schema\/logo\/image\/","url":"https:\/\/formato2.com.br\/wp-content\/uploads\/2023\/03\/Formato2-marca.png","contentUrl":"https:\/\/formato2.com.br\/wp-content\/uploads\/2023\/03\/Formato2-marca.png","width":361,"height":176,"caption":"Formato 2"},"image":{"@id":"https:\/\/formato2.com.br\/#\/schema\/logo\/image\/"}}]}},"_links":{"self":[{"href":"https:\/\/formato2.com.br\/index.php\/wp-json\/wp\/v2\/pages\/184"}],"collection":[{"href":"https:\/\/formato2.com.br\/index.php\/wp-json\/wp\/v2\/pages"}],"about":[{"href":"https:\/\/formato2.com.br\/index.php\/wp-json\/wp\/v2\/types\/page"}],"author":[{"embeddable":true,"href":"https:\/\/formato2.com.br\/index.php\/wp-json\/wp\/v2\/users\/2"}],"replies":[{"embeddable":true,"href":"https:\/\/formato2.com.br\/index.php\/wp-json\/wp\/v2\/comments?post=184"}],"version-history":[{"count":7,"href":"https:\/\/formato2.com.br\/index.php\/wp-json\/wp\/v2\/pages\/184\/revisions"}],"predecessor-version":[{"id":195,"href":"https:\/\/formato2.com.br\/index.php\/wp-json\/wp\/v2\/pages\/184\/revisions\/195"}],"wp:attachment":[{"href":"https:\/\/formato2.com.br\/index.php\/wp-json\/wp\/v2\/media?parent=184"}],"curies":[{"name":"wp","href":"https:\/\/api.w.org\/{rel}","templated":true}]}}